{"id":107,"date":"2013-09-14T16:26:02","date_gmt":"2013-09-14T14:26:02","guid":{"rendered":"http:\/\/cppuente.educacion.navarra.es\/web\/?page_id=107"},"modified":"2024-08-27T12:09:52","modified_gmt":"2024-08-27T10:09:52","slug":"garroioa","status":"publish","type":"page","link":"https:\/\/cppuente.educacion.navarra.es\/web\/eu\/zerbitzuak\/garroioa\/","title":{"rendered":"ESKOLA GARRAIOA"},"content":{"rendered":"\n<div class=\"wp-block-cover is-light gb-block-cta\" style=\"padding-top:2%;min-height:13em\"><span aria-hidden=\"true\" class=\"wp-block-cover__gradient-background has-background-dim\" style=\"background-color:#f2f2f2\"><\/span><img loading=\"lazy\" width=\"688\" height=\"371\" class=\"wp-block-cover__image-background wp-image-11172\" alt=\"\" src=\"https:\/\/cppuente.educacion.navarra.es\/web\/wp-content\/uploads\/2024\/08\/TRANSPORTE-Y-COMEDOR-1.png\" data-object-fit=\"cover\" srcset=\"https:\/\/cppuente.educacion.navarra.es\/web\/wp-content\/uploads\/2024\/08\/TRANSPORTE-Y-COMEDOR-1.png 688w, https:\/\/cppuente.educacion.navarra.es\/web\/wp-content\/uploads\/2024\/08\/TRANSPORTE-Y-COMEDOR-1-300x162.png 300w\" sizes=\"(max-width: 688px) 100vw, 688px\" \/><div class=\"wp-block-cover__inner-container\">\n<h2 class=\"has-text-align-center\" style=\"font-size:32px;line-height:1\"><mark style=\"background-color:#fbfbfb;color:#0368af\" class=\"has-inline-color\"><strong>INZIDENTZIAK KOMUNIKATZEA<\/strong><\/mark><\/h2>\n\n\n\n<p class=\"has-text-align-center\" style=\"line-height:1\"><mark style=\"background-color:#f8f8f8;color:#035fc0\" class=\"has-inline-color\"><strong>KLIKATU BOTOIAN JANTOKI &#8211; GARRAIO INZIDENTZIA BAT JAKINARAZTEKO<\/strong><\/mark><\/p>\n\n\n\n<div class=\"wp-container-1 wp-block-buttons\">\n<div class=\"wp-block-button has-custom-font-size gb-block-button\" style=\"font-size:20px;line-height:1.2\"><a class=\"wp-block-button__link has-text-color has-background\" href=\"https:\/\/cppuente.educacion.navarra.es\/web\/comunicacion-ausencias\/\" style=\"border-radius:5px;background-color:#3373dc;color:#ffffff;padding-top:10px;padding-right:1em;padding-bottom:10px;padding-left:1em\">INZIDENTZIA JAKINARAZI<\/a><\/div>\n<\/div>\n<\/div><\/div>\n\n<h3 class=\"has-theme-primary-color has-text-color\">Garraioa 2020\/21<\/h3>\n\n<p class=\"has-text-align-center\"><strong><u>IBILBIDEA: LEGARDA \u2013 UTERGA \u2013 MURUZABAL-OBANOS<\/u><\/strong><\/p>\n\n<p class=\"has-text-align-center\">Zaintzailea: LUISA<\/p>\n\n<p class=\"has-text-align-center\">Enpresa: CONDA &#8211; TAFALLESA<\/p>\n\n<div style=\"height:20px\" aria-hidden=\"true\" class=\"wp-block-spacer\"><\/div>\n\n<div class=\"wp-block-cover\" style=\"min-height:50px\"><span aria-hidden=\"true\" class=\"has-background-dim-60 wp-block-cover__gradient-background has-background-dim\"><\/span><img loading=\"lazy\" width=\"2400\" height=\"1600\" class=\"wp-block-cover__image-background wp-image-6655\" src=\"https:\/\/cppuente.educacion.navarra.es\/web\/wp-content\/uploads\/2019\/12\/FormatFactoryniko-lienata-C-zgN_LEKb8-unsplash.jpg\" data-object-fit=\"cover\" srcset=\"https:\/\/cppuente.educacion.navarra.es\/web\/wp-content\/uploads\/2019\/12\/FormatFactoryniko-lienata-C-zgN_LEKb8-unsplash.jpg 2400w, https:\/\/cppuente.educacion.navarra.es\/web\/wp-content\/uploads\/2019\/12\/FormatFactoryniko-lienata-C-zgN_LEKb8-unsplash-300x200.jpg 300w, https:\/\/cppuente.educacion.navarra.es\/web\/wp-content\/uploads\/2019\/12\/FormatFactoryniko-lienata-C-zgN_LEKb8-unsplash-1024x683.jpg 1024w, https:\/\/cppuente.educacion.navarra.es\/web\/wp-content\/uploads\/2019\/12\/FormatFactoryniko-lienata-C-zgN_LEKb8-unsplash-768x512.jpg 768w, https:\/\/cppuente.educacion.navarra.es\/web\/wp-content\/uploads\/2019\/12\/FormatFactoryniko-lienata-C-zgN_LEKb8-unsplash-1536x1024.jpg 1536w, https:\/\/cppuente.educacion.navarra.es\/web\/wp-content\/uploads\/2019\/12\/FormatFactoryniko-lienata-C-zgN_LEKb8-unsplash-2048x1365.jpg 2048w, https:\/\/cppuente.educacion.navarra.es\/web\/wp-content\/uploads\/2019\/12\/FormatFactoryniko-lienata-C-zgN_LEKb8-unsplash-600x400.jpg 600w\" sizes=\"(max-width: 2400px) 100vw, 2400px\" \/><div class=\"wp-block-cover__inner-container\">\n<p class=\"has-text-align-center\"><strong><u>IBILBIDEA:<\/u> ZIRAUKI \u2013 MA\u00d1ERU<\/strong><\/p>\n\n\n\n<p class=\"has-text-align-center has-normal-font-size\">Zaintzailea Zirauqui: Joana Rodr\u00edguez<\/p>\n\n\n\n<p class=\"has-text-align-center\">Zaintzailea Ma\u00f1eru: Aura<\/p>\n\n\n\n<p class=\"has-text-align-center\">Enpresa Zirauqui eta Ma\u00f1eru: FONSECA<\/p>\n\n\n\n<p class=\"has-text-align-center\">Enpresa Ma\u00f1eru: CONDA \u2013 TAFALLESA<\/p>\n<\/div><\/div>\n\n<div style=\"height:20px\" aria-hidden=\"true\" class=\"wp-block-spacer\"><\/div>\n\n<p class=\"has-text-align-center\"><strong><u>IBILBIDEA: ADI\u00d3S \u2013 A\u00d1ORBE \u2013 \u00daCAR \u2013 ENERIZ<\/u><\/strong><\/p>\n\n<p class=\"has-text-align-center\">Zaintzailea: Judith Armend\u00e1riz<\/p>\n\n<p class=\"has-text-align-center\">Enpresa: TAFALLESA<\/p>\n\n<div style=\"height:20px\" aria-hidden=\"true\" class=\"wp-block-spacer\"><\/div>\n\n<div class=\"wp-block-cover is-light\" style=\"min-height:50px\"><span aria-hidden=\"true\" class=\"wp-block-cover__gradient-background has-background-dim\"><\/span><img loading=\"lazy\" width=\"1600\" height=\"800\" class=\"wp-block-cover__image-background wp-image-6360\" src=\"https:\/\/cppuente.educacion.navarra.es\/web\/wp-content\/uploads\/2019\/12\/portada1a.jpg\" data-object-fit=\"cover\"\/><div class=\"wp-block-cover__inner-container\">\n<p class=\"has-text-align-center has-normal-font-size\"><strong><u>IBILBIDEA: LARRAGA \u2013 ARTAJONA &#8211; MENDIGORRIA<\/u><\/strong><\/p>\n\n\n\n<p class=\"has-text-align-center\">Zaintzailea: F\u00e1tima Rodr\u00edguez<\/p>\n\n\n\n<p class=\"has-text-align-center\">Enpresa: Conda &#8211; Alsa<\/p>\n<\/div><\/div>\n\n<div style=\"height:20px\" aria-hidden=\"true\" class=\"wp-block-spacer\"><\/div>\n\n<p class=\"has-text-align-center\"><strong><u>IBILBIDEA: LARRAGA \u2013 ARTAJONA &#8211; MENDIGORRIA<\/u><\/strong><\/p>\n\n<p class=\"has-text-align-center\">Zaintzailea: F\u00e1tima Rodr\u00edguez<\/p>\n\n<p class=\"has-text-align-center\">Enpresa: Conda &#8211; Alsa<\/p>\n\n<div style=\"height:20px\" aria-hidden=\"true\" class=\"wp-block-spacer\"><\/div>\n\n<p class=\"has-text-align-center has-background\" style=\"background-color:#cccccc\"><strong><u>IBILBIDEA: ARTAZU \u2013 GUIRGUILLANO \u2013 ECHARREN DE GUIRGUILLANO<\/u><\/strong>&#13;\nTaxi: M\u00aa Carmen Erro<\/p>\n\n<p class=\"has-text-align-center\"><strong><u>IBILBIDEA: ARTAZU <\/u><\/strong>&#13;\nTaxi: Antonio Rodr\u00edguez<\/p>\n\n<p class=\"has-text-align-center has-background\" style=\"background-color:#cccccc\"><strong><u>IBILBIDEA: SE\u00d1OR\u00cdO DE SARR\u00cdA<\/u><\/strong>&#13;\nTaxi: Sergio Equisoain<\/p>\n\n<hr class=\"wp-block-separator\"\/>\n\n<h3 class=\"has-theme-primary-color has-text-color\">Garraio zerbitzuen azken berriak<\/h3>\n<section class=\"gb-block-post-grid featuredpost alignwide\"><div class=\"gb-post-grid-items is-list\"><article id=\"post-11164\" class=\"gb-post-grid-item post-11164 post type-post status-publish format-standard has-post-thumbnail category-garraioa category-iragarki-taula category-jantokia category-zerbitzuak entry\"><div class=\"gb-block-post-grid-image\"><a href=\"https:\/\/cppuente.educacion.navarra.es\/web\/eu\/blog\/2026\/02\/25\/jantoki-eta-eskola-garraioko-inzidentziak\/\" rel=\"bookmark\" aria-hidden=\"true\" tabindex=\"-1\"><img width=\"300\" height=\"300\" src=\"https:\/\/cppuente.educacion.navarra.es\/web\/wp-content\/uploads\/2022\/06\/cropped-LOGO-SIN-FONDO-300x300.png\" class=\"attachment-medium size-medium\" alt=\"\" loading=\"lazy\" srcset=\"https:\/\/cppuente.educacion.navarra.es\/web\/wp-content\/uploads\/2022\/06\/cropped-LOGO-SIN-FONDO-300x300.png 300w, https:\/\/cppuente.educacion.navarra.es\/web\/wp-content\/uploads\/2022\/06\/cropped-LOGO-SIN-FONDO-150x150.png 150w, https:\/\/cppuente.educacion.navarra.es\/web\/wp-content\/uploads\/2022\/06\/cropped-LOGO-SIN-FONDO-270x270.png 270w, https:\/\/cppuente.educacion.navarra.es\/web\/wp-content\/uploads\/2022\/06\/cropped-LOGO-SIN-FONDO-192x192.png 192w, https:\/\/cppuente.educacion.navarra.es\/web\/wp-content\/uploads\/2022\/06\/cropped-LOGO-SIN-FONDO-180x180.png 180w, https:\/\/cppuente.educacion.navarra.es\/web\/wp-content\/uploads\/2022\/06\/cropped-LOGO-SIN-FONDO-32x32.png 32w, https:\/\/cppuente.educacion.navarra.es\/web\/wp-content\/uploads\/2022\/06\/cropped-LOGO-SIN-FONDO.png 512w\" sizes=\"(max-width: 300px) 100vw, 300px\" \/><\/a><\/div><div class=\"gb-block-post-grid-text\"><header class=\"gb-block-post-grid-header\"><h3 class=\"gb-block-post-grid-title\"><a href=\"https:\/\/cppuente.educacion.navarra.es\/web\/eu\/blog\/2026\/02\/25\/jantoki-eta-eskola-garraioko-inzidentziak\/\" rel=\"bookmark\">JANTOKI ETA ESKOLA GARRAIOKO INZIDENTZIAK<\/a><\/h3><div class=\"gb-block-post-grid-byline\"><time datetime=\"2026-02-25T15:31:29+01:00\" class=\"gb-block-post-grid-date\" itemprop=\"datePublished\">25\/02\/2026<\/time><\/div><\/header><div class=\"gb-block-post-grid-excerpt\"><p>KLIKATU HEMEN INZIDENTZIA BAT JAKINARAZTEKO<\/p>\n<p><a class=\"gb-block-post-grid-more-link gb-text-link\" href=\"https:\/\/cppuente.educacion.navarra.es\/web\/eu\/blog\/2026\/02\/25\/jantoki-eta-eskola-garraioko-inzidentziak\/\" rel=\"bookmark\">&gt;&gt;&gt; <span class=\"screen-reader-text\">JANTOKI ETA ESKOLA GARRAIOKO INZIDENTZIAK<\/span><\/a><\/p><\/div><\/div><\/article>\n<\/div><\/section>","protected":false},"excerpt":{"rendered":"<p>Garraioa 2020\/21 IBILBIDEA: LEGARDA \u2013 UTERGA \u2013 MURUZABAL-OBANOS Zaintzailea: LUISA Enpresa: CONDA &#8211; TAFALLESA IBILBIDEA: ADI\u00d3S \u2013 A\u00d1ORBE \u2013 \u00daCAR \u2013 ENERIZ Zaintzailea: Judith Armend\u00e1riz Enpresa: TAFALLESA IBILBIDEA: LARRAGA \u2013 ARTAJONA &#8211; MENDIGORRIA Zaintzailea: F\u00e1tima Rodr\u00edguez Enpresa: Conda &#8211; Alsa IBILBIDEA: ARTAZU \u2013 GUIRGUILLANO \u2013 ECHARREN DE GUIRGUILLANO&#13; Taxi: M\u00aa Carmen Erro IBILBIDEA: ARTAZU &#13; [&hellip;]<\/p>\n","protected":false},"author":1,"featured_media":0,"parent":102,"menu_order":0,"comment_status":"closed","ping_status":"open","template":"","meta":{"_genesis_hide_title":false,"_genesis_hide_breadcrumbs":false,"_genesis_hide_singular_image":false,"_genesis_hide_footer_widgets":false,"_genesis_custom_body_class":"","_genesis_custom_post_class":"","_genesis_layout":""},"featured_image_src":null,"featured_image_src_square":null,"_links":{"self":[{"href":"https:\/\/cppuente.educacion.navarra.es\/web\/eu\/wp-json\/wp\/v2\/pages\/107"}],"collection":[{"href":"https:\/\/cppuente.educacion.navarra.es\/web\/eu\/wp-json\/wp\/v2\/pages"}],"about":[{"href":"https:\/\/cppuente.educacion.navarra.es\/web\/eu\/wp-json\/wp\/v2\/types\/page"}],"author":[{"embeddable":true,"href":"https:\/\/cppuente.educacion.navarra.es\/web\/eu\/wp-json\/wp\/v2\/users\/1"}],"replies":[{"embeddable":true,"href":"https:\/\/cppuente.educacion.navarra.es\/web\/eu\/wp-json\/wp\/v2\/comments?post=107"}],"version-history":[{"count":15,"href":"https:\/\/cppuente.educacion.navarra.es\/web\/eu\/wp-json\/wp\/v2\/pages\/107\/revisions"}],"predecessor-version":[{"id":11188,"href":"https:\/\/cppuente.educacion.navarra.es\/web\/eu\/wp-json\/wp\/v2\/pages\/107\/revisions\/11188"}],"up":[{"embeddable":true,"href":"https:\/\/cppuente.educacion.navarra.es\/web\/eu\/wp-json\/wp\/v2\/pages\/102"}],"wp:attachment":[{"href":"https:\/\/cppuente.educacion.navarra.es\/web\/eu\/wp-json\/wp\/v2\/media?parent=107"}],"curies":[{"name":"wp","href":"https:\/\/api.w.org\/{rel}","templated":true}]}}